{"id":5550,"date":"2024-07-03T10:27:28","date_gmt":"2024-07-03T10:27:28","guid":{"rendered":"https:\/\/criv.es\/professionals\/"},"modified":"2025-11-11T07:00:27","modified_gmt":"2025-11-11T07:00:27","slug":"professionals","status":"publish","type":"page","link":"https:\/\/criv.es\/es\/professionals\/","title":{"rendered":"Profesionales"},"content":{"rendered":"[vc_row type=\u00bbfull_width_background\u00bb full_screen_row_position=\u00bbmiddle\u00bb column_margin=\u00bbdefault\u00bb column_direction=\u00bbdefault\u00bb column_direction_tablet=\u00bbdefault\u00bb column_direction_phone=\u00bbdefault\u00bb scene_position=\u00bbcenter\u00bb top_padding=\u00bb100&#8243; constrain_group_1=\u00bbyes\u00bb bottom_padding=\u00bb100&#8243; constrain_group_2=\u00bbyes\u00bb top_padding_tablet=\u00bb50&#8243; constrain_group_3=\u00bbyes\u00bb bottom_padding_tablet=\u00bb50&#8243; text_color=\u00bbdark\u00bb text_align=\u00bbleft\u00bb row_border_radius=\u00bbnone\u00bb row_border_radius_applies=\u00bbbg\u00bb overflow=\u00bbvisible\u00bb id=\u00bbteam\u00bb advanced_gradient_angle=\u00bb0&#8243; overlay_strength=\u00bb0.3&#8243; gradient_direction=\u00bbleft_to_right\u00bb shape_divider_position=\u00bbbottom\u00bb bg_image_animation=\u00bbnone\u00bb gradient_type=\u00bbdefault\u00bb shape_type=\u00bb\u00bb][vc_column column_padding=\u00bbno-extra-padding\u00bb column_padding_tablet=\u00bbinherit\u00bb column_padding_phone=\u00bbinherit\u00bb column_padding_position=\u00bball\u00bb column_element_direction_desktop=\u00bbdefault\u00bb column_element_spacing=\u00bb0px\u00bb desktop_text_alignment=\u00bbdefault\u00bb tablet_text_alignment=\u00bbdefault\u00bb phone_text_alignment=\u00bbdefault\u00bb sticky_content=\u00bbtrue\u00bb sticky_content_functionality=\u00bbcss\u00bb sticky_content_alignment=\u00bbdefault\u00bb background_color_opacity=\u00bb1&#8243; background_hover_color_opacity=\u00bb1&#8243; column_backdrop_filter=\u00bbnone\u00bb column_shadow=\u00bbnone\u00bb column_border_radius=\u00bbnone\u00bb column_link_target=\u00bb_self\u00bb column_position=\u00bbdefault\u00bb advanced_gradient_angle=\u00bb0&#8243; gradient_direction=\u00bbleft_to_right\u00bb overlay_strength=\u00bb0.3&#8243; width=\u00bb1\/3&#8243; tablet_width_inherit=\u00bbdefault\u00bb animation_type=\u00bbdefault\u00bb enable_animation=\u00bbtrue\u00bb animation=\u00bbfade-in-from-bottom\u00bb animation_easing=\u00bbdefault\u00bb bg_image_animation=\u00bbnone\u00bb border_type=\u00bbsimple\u00bb column_border_width=\u00bbnone\u00bb column_border_style=\u00bbsolid\u00bb gradient_type=\u00bbdefault\u00bb column_padding_type=\u00bbdefault\u00bb][vc_column_text]\n<h2>Nuestro equipo<\/h2>\n<p><strong>Conoce a nuestro equipo profesional dedicado a tu bienestar integral.<\/strong><\/p>\n<p>Somos un equipo multidisciplinario de profesionales calificados en Fisioterapia, Osteopat\u00eda, Neuropsicolog\u00eda, Psicolog\u00eda, Logopedia y Terapia Ocupacional.<\/p>\n<p>Cada miembro de nuestro equipo combina conocimientos especializados con una dedicaci\u00f3n apasionada para mejorar la calidad de vida de nuestros pacientes a corto, medio y largo plazo.[\/vc_column_text][nectar_btn size=\u00bblarge\u00bb button_style=\u00bbregular\u00bb button_color_2=\u00bbAccent-Color\u00bb icon_family=\u00bbnone\u00bb text=\u00bbContacta con nosotros\u00bb url=\u00bbhttps:\/\/criv.es\/es\/#contacte\u00bb][\/vc_column][vc_column column_padding=\u00bbpadding-6-percent\u00bb column_padding_tablet=\u00bbno-extra-padding\u00bb column_padding_phone=\u00bbno-extra-padding\u00bb column_padding_position=\u00bbleft\u00bb column_element_direction_desktop=\u00bbdefault\u00bb column_element_spacing=\u00bbdefault\u00bb desktop_text_alignment=\u00bbdefault\u00bb tablet_text_alignment=\u00bbdefault\u00bb phone_text_alignment=\u00bbdefault\u00bb background_color_opacity=\u00bb1&#8243; background_hover_color_opacity=\u00bb1&#8243; column_backdrop_filter=\u00bbnone\u00bb column_shadow=\u00bbnone\u00bb column_border_radius=\u00bbnone\u00bb column_link_target=\u00bb_self\u00bb column_position=\u00bbdefault\u00bb advanced_gradient_angle=\u00bb0&#8243; gradient_direction=\u00bbleft_to_right\u00bb overlay_strength=\u00bb0.3&#8243; width=\u00bb2\/3&#8243; tablet_width_inherit=\u00bbdefault\u00bb animation_type=\u00bbdefault\u00bb bg_image_animation=\u00bbnone\u00bb border_type=\u00bbsimple\u00bb column_border_width=\u00bbnone\u00bb column_border_style=\u00bbsolid\u00bb gradient_type=\u00bbdefault\u00bb column_padding_type=\u00bbdefault\u00bb][vc_row_inner column_margin=\u00bb30px\u00bb column_direction=\u00bbdefault\u00bb column_direction_tablet=\u00bbdefault\u00bb column_direction_phone=\u00bbdefault\u00bb bottom_padding=\u00bb20&#8243; top_padding_tablet=\u00bb40&#8243; bottom_padding_tablet=\u00bb0&#8243; text_align=\u00bbleft\u00bb row_position=\u00bbdefault\u00bb row_position_tablet=\u00bbinherit\u00bb row_position_phone=\u00bbinherit\u00bb overflow=\u00bbvisible\u00bb pointer_events=\u00bball\u00bb][vc_column_inner column_padding=\u00bbno-extra-padding\u00bb column_padding_tablet=\u00bbinherit\u00bb column_padding_phone=\u00bbinherit\u00bb column_padding_position=\u00bball\u00bb column_element_direction_desktop=\u00bbdefault\u00bb column_element_spacing=\u00bb5px\u00bb desktop_text_alignment=\u00bbdefault\u00bb tablet_text_alignment=\u00bbdefault\u00bb phone_text_alignment=\u00bbdefault\u00bb background_color_opacity=\u00bb1&#8243; background_hover_color_opacity=\u00bb1&#8243; column_backdrop_filter=\u00bbnone\u00bb column_shadow=\u00bbnone\u00bb column_border_radius=\u00bbnone\u00bb column_link_target=\u00bb_self\u00bb overflow=\u00bbvisible\u00bb advanced_gradient_angle=\u00bb0&#8243; gradient_direction=\u00bbleft_to_right\u00bb overlay_strength=\u00bb0.3&#8243; width=\u00bb1\/2&#8243; tablet_width_inherit=\u00bbsmall_desktop\u00bb animation_type=\u00bbdefault\u00bb bg_image_animation=\u00bbnone\u00bb border_type=\u00bbsimple\u00bb column_border_width=\u00bbnone\u00bb column_border_style=\u00bbsolid\u00bb gradient_type=\u00bbdefault\u00bb column_padding_type=\u00bbdefault\u00bb][team_member image_url=\u00bb5504&#8243; team_memeber_style=\u00bbbio_fullscreen_alt\u00bb bio_fullscreen_alt_hide_link_arrow=\u00bbtrue\u00bb image_loading=\u00bbdefault\u00bb team_member_bio_full_html=\u00bbhtml\u00bb hide_link_arrow=\u00bbtrue\u00bb name=\u00bbMerc\u00e8 Roger\u00bb job_position=\u00bbFisioterapeuta y directora\u00bb social_icon_1=\u00bbfa fa-instagram\u00bb social_icon_2=\u00bbfa fa-twitter\u00bb social_icon_3=\u00bbfa fa-envelope\u00bb image_size=\u00bbregular\u00bb]Cuando termin\u00e9 la carrera, ten\u00eda claro que me gustaba mucho la neurolog\u00eda. Tuve la suerte de poder trabajar en un centro que me permiti\u00f3 crecer como profesional especializada. En 2007, abr\u00ed mi propio centro, el CRIV, con el claro objetivo de trabajar en equipo y poder ofrecer diferentes servicios seg\u00fan las necesidades de cada persona. Cada uno de nosotros somos \u00fanicos y as\u00ed debe ser la rehabilitaci\u00f3n.<\/p>\n<p>Tengo amplia formaci\u00f3n con diferentes posgrados universitarios y formaci\u00f3n continua dedicada tanto a la neurolog\u00eda como a los trastornos neuromusculoesquel\u00e9ticos.<\/p>\n<p><strong>Directora y fisioterapeuta del CRIV, neurolog\u00eda y fisioterapia.<\/strong><\/p>\n<ul>\n<li>Diplomada en fisioterapia en la Universidad Ramon Llull, 2000.<\/li>\n<li>Posgrado en neurorehabilitaci\u00f3n en el Instituto Guttmann.<\/li>\n<li>Formaci\u00f3n completa en terapia manual: Maitland.<\/li>\n<li>Curso de introducci\u00f3n al m\u00e9todo Affolter.<\/li>\n<li>Curso B\u00e1sico, Avanzado y Acompa\u00f1amiento en Basale Stimulation\u00ae.<\/li>\n<li>Curso de Perfetti infantil.<\/li>\n<li>Concepto Bobath: Movimiento normal.<\/li>\n<li>Formaci\u00f3n b\u00e1sica en TMR y reflejos primitivos.<\/li>\n<li>Curso de especialista en dolor y disfunci\u00f3n miofascial.<\/li>\n<li>Curso de punci\u00f3n seca avanzado y actualizaciones.<\/li>\n<li>Posgrado seg\u00fan el Concepto Sohier.<\/li>\n<li>Posgrado Especialista universitario en dolor miofascial: punci\u00f3n seca.<\/li>\n<li>Formaci\u00f3n seg\u00fan el concepto Mulligan A-B y C.<\/li>\n<li>Formaci\u00f3n seg\u00fan el concepto de McConnell.<\/li>\n<li>Formaci\u00f3n en marcha n\u00f3rdica.<\/li>\n<li>Cursos de actualizaci\u00f3n de la rehabilitaci\u00f3n f\u00edsica neurol\u00f3gica.<\/li>\n<li>Curso de nuevas tecnolog\u00edas en neurorehabilitaci\u00f3n.<\/li>\n<li>Curso de ejercicio terap\u00e9utico en neurorehabilitaci\u00f3n.<\/li>\n<\/ul>\n[\/team_member][nectar_cta btn_style=\u00bbbasic\u00bb heading_tag=\u00bbp\u00bb button_color=\u00bbdefault\u00bb text_color=\u00bb#b196c9&#8243; button_border_thickness=\u00bb0px\u00bb link_type=\u00bbregular\u00bb alignment=\u00bbleft\u00bb alignment_tablet=\u00bbdefault\u00bb alignment_phone=\u00bbdefault\u00bb display=\u00bbblock\u00bb display_tablet=\u00bbinherit\u00bb display_phone=\u00bbinherit\u00bb icon_family=\u00bbfontawesome\u00bb link_text=\u00bbcrivterapies@gmail.com\u00bb icon_fontawesome=\u00bbfa fa-envelope\u00bb url=\u00bbmailto:crivterapies@gmail.com\u00bb][\/vc_column_inner][vc_column_inner column_padding=\u00bbno-extra-padding\u00bb column_padding_tablet=\u00bbinherit\u00bb column_padding_phone=\u00bbinherit\u00bb column_padding_position=\u00bball\u00bb column_element_direction_desktop=\u00bbdefault\u00bb column_element_spacing=\u00bb5px\u00bb desktop_text_alignment=\u00bbdefault\u00bb tablet_text_alignment=\u00bbdefault\u00bb phone_text_alignment=\u00bbdefault\u00bb background_color_opacity=\u00bb1&#8243; background_hover_color_opacity=\u00bb1&#8243; column_backdrop_filter=\u00bbnone\u00bb column_shadow=\u00bbnone\u00bb column_border_radius=\u00bbnone\u00bb column_link_target=\u00bb_self\u00bb overflow=\u00bbvisible\u00bb advanced_gradient_angle=\u00bb0&#8243; gradient_direction=\u00bbleft_to_right\u00bb overlay_strength=\u00bb0.3&#8243; width=\u00bb1\/2&#8243; tablet_width_inherit=\u00bbsmall_desktop\u00bb animation_type=\u00bbdefault\u00bb bg_image_animation=\u00bbnone\u00bb border_type=\u00bbsimple\u00bb column_border_width=\u00bbnone\u00bb column_border_style=\u00bbsolid\u00bb gradient_type=\u00bbdefault\u00bb column_padding_type=\u00bbdefault\u00bb][team_member image_url=\u00bb5502&#8243; team_memeber_style=\u00bbbio_fullscreen_alt\u00bb bio_fullscreen_alt_hide_link_arrow=\u00bbtrue\u00bb image_loading=\u00bbdefault\u00bb team_member_bio_full_html=\u00bbhtml\u00bb hide_link_arrow=\u00bbtrue\u00bb name=\u00bbEva Cirera\u00bb job_position=\u00bbFisioterapeuta y directora\u00bb social_icon_1=\u00bbfa fa-instagram\u00bb social_icon_2=\u00bbfa fa-twitter\u00bb image_size=\u00bbregular\u00bb]Desde que termin\u00e9 la Diplomatura de Fisioterapia en el a\u00f1o 2001, he trabajado en el \u00e1mbito de la Neurolog\u00eda y la Terapia Acu\u00e1tica. Me he formado y sigo form\u00e1ndome en neurolog\u00eda y en el \u00e1rea neuromusculoesquel\u00e9tica de la Fisioterapia.<\/p>\n<p><strong>Directora del CRIV.<\/strong><\/p>\n<ul>\n<li>Fisioterapeuta (UVic).<\/li>\n<li>Posgrado en Neurolog\u00eda (Blanquerna).<\/li>\n<li>Curso Concepto Sohier.<\/li>\n<li>Curso B\u00e1sico Concepto Halliwick.<\/li>\n<li>Curso B\u00e1sico, Avanzado y Acompa\u00f1amiento en Basale Stimulation\u00ae.<\/li>\n<li>Curso de introducci\u00f3n al M\u00e9todo Affolter.<\/li>\n<li>Curso Introducci\u00f3n Perfetti (Ejercicio Terap\u00e9utico Cognitivo).<\/li>\n<li>Curso B\u00e1sico y Avanzado de Kinaesthetics.<\/li>\n<li>Curso Movimiento Normal.<\/li>\n<li>Concepto Bobath.<\/li>\n<li>M\u00e1ster en Antropolog\u00eda M\u00e9dica y Salud Internacional (URV).<\/li>\n<li>Miembro del MARC (Medical Anthropology Research Center, URV).<\/li>\n<li>Doctora en Antropolog\u00eda y Comunicaci\u00f3n (URV).<\/li>\n<\/ul>\n[\/team_member][nectar_cta btn_style=\u00bbbasic\u00bb heading_tag=\u00bbp\u00bb button_color=\u00bbdefault\u00bb text_color=\u00bb#b196c9&#8243; button_border_thickness=\u00bb0px\u00bb link_type=\u00bbregular\u00bb alignment=\u00bbleft\u00bb alignment_tablet=\u00bbdefault\u00bb alignment_phone=\u00bbdefault\u00bb display=\u00bbblock\u00bb display_tablet=\u00bbinherit\u00bb display_phone=\u00bbinherit\u00bb icon_family=\u00bbfontawesome\u00bb link_text=\u00bbcrivterapies@gmail.com\u00bb icon_fontawesome=\u00bbfa fa-envelope\u00bb url=\u00bbmailto:crivterapies@gmail.com\u00bb][\/vc_column_inner][\/vc_row_inner][vc_row_inner column_margin=\u00bb30px\u00bb column_direction=\u00bbdefault\u00bb column_direction_tablet=\u00bbdefault\u00bb column_direction_phone=\u00bbdefault\u00bb bottom_padding=\u00bb50&#8243; bottom_padding_tablet=\u00bb25&#8243; text_align=\u00bbleft\u00bb row_position=\u00bbdefault\u00bb row_position_tablet=\u00bbinherit\u00bb row_position_phone=\u00bbinherit\u00bb overflow=\u00bbvisible\u00bb pointer_events=\u00bball\u00bb css=\u00bb.vc_custom_1720608263049{margin-bottom: 0px !important;}\u00bb][vc_column_inner column_padding=\u00bbno-extra-padding\u00bb column_padding_tablet=\u00bbinherit\u00bb column_padding_phone=\u00bbinherit\u00bb column_padding_position=\u00bball\u00bb column_element_direction_desktop=\u00bbdefault\u00bb column_element_spacing=\u00bb5px\u00bb desktop_text_alignment=\u00bbdefault\u00bb tablet_text_alignment=\u00bbdefault\u00bb phone_text_alignment=\u00bbdefault\u00bb background_color_opacity=\u00bb1&#8243; background_hover_color_opacity=\u00bb1&#8243; column_backdrop_filter=\u00bbnone\u00bb column_shadow=\u00bbnone\u00bb column_border_radius=\u00bbnone\u00bb column_link_target=\u00bb_self\u00bb overflow=\u00bbvisible\u00bb advanced_gradient_angle=\u00bb0&#8243; gradient_direction=\u00bbleft_to_right\u00bb overlay_strength=\u00bb0.3&#8243; width=\u00bb1\/3&#8243; tablet_width_inherit=\u00bbsmall_desktop\u00bb animation_type=\u00bbdefault\u00bb bg_image_animation=\u00bbnone\u00bb border_type=\u00bbsimple\u00bb column_border_width=\u00bbnone\u00bb column_border_style=\u00bbsolid\u00bb gradient_type=\u00bbdefault\u00bb column_padding_type=\u00bbdefault\u00bb][team_member image_url=\u00bb5426&#8243; team_memeber_style=\u00bbbio_fullscreen_alt\u00bb bio_fullscreen_alt_hide_link_arrow=\u00bbtrue\u00bb image_loading=\u00bbdefault\u00bb team_member_bio_full_html=\u00bbhtml\u00bb hide_link_arrow=\u00bbtrue\u00bb name=\u00bbBel\u00e9n Simarro\u00bb job_position=\u00bbAdministrativa\u00bb social_icon_1=\u00bbfa fa-instagram\u00bb social_icon_2=\u00bbfa fa-twitter\u00bb]Hace tiempo que trabajo como Secretaria M\u00e9dica en el centro. Estoy muy contenta de trabajar con mis compa\u00f1eros, que forman un gran equipo. Soy la primera persona que encontrar\u00e1n cuando entren por la puerta y la \u00faltima que ver\u00e1n cuando se despidan de nosotros. Me encargo de gestionar la agenda de las visitas, de atender sus llamadas y de asesorarlos en todo momento; especialmente si tienen dudas sobre qui\u00e9n es el terapeuta m\u00e1s adecuado para tratarlos, seg\u00fan sus necesidades.[\/team_member][nectar_cta btn_style=\u00bbbasic\u00bb heading_tag=\u00bbp\u00bb button_color=\u00bbdefault\u00bb text_color=\u00bb#b196c9&#8243; button_border_thickness=\u00bb0px\u00bb link_type=\u00bbregular\u00bb alignment=\u00bbleft\u00bb alignment_tablet=\u00bbdefault\u00bb alignment_phone=\u00bbdefault\u00bb display=\u00bbblock\u00bb display_tablet=\u00bbinherit\u00bb display_phone=\u00bbinherit\u00bb icon_family=\u00bbfontawesome\u00bb link_text=\u00bbbelen@criv.es\u00bb icon_fontawesome=\u00bbfa fa-envelope\u00bb url=\u00bbmailto:belen@criv.es\u00bb][\/vc_column_inner][vc_column_inner column_padding=\u00bbno-extra-padding\u00bb column_padding_tablet=\u00bbinherit\u00bb column_padding_phone=\u00bbinherit\u00bb column_padding_position=\u00bball\u00bb column_element_direction_desktop=\u00bbdefault\u00bb column_element_spacing=\u00bb5px\u00bb desktop_text_alignment=\u00bbdefault\u00bb tablet_text_alignment=\u00bbdefault\u00bb phone_text_alignment=\u00bbdefault\u00bb background_color_opacity=\u00bb1&#8243; background_hover_color_opacity=\u00bb1&#8243; column_backdrop_filter=\u00bbnone\u00bb column_shadow=\u00bbnone\u00bb column_border_radius=\u00bbnone\u00bb column_link_target=\u00bb_self\u00bb overflow=\u00bbvisible\u00bb advanced_gradient_angle=\u00bb0&#8243; gradient_direction=\u00bbleft_to_right\u00bb overlay_strength=\u00bb0.3&#8243; width=\u00bb1\/3&#8243; tablet_width_inherit=\u00bbsmall_desktop\u00bb animation_type=\u00bbdefault\u00bb bg_image_animation=\u00bbnone\u00bb border_type=\u00bbsimple\u00bb column_border_width=\u00bbnone\u00bb column_border_style=\u00bbsolid\u00bb gradient_type=\u00bbdefault\u00bb column_padding_type=\u00bbdefault\u00bb][team_member image_url=\u00bb5427&#8243; team_memeber_style=\u00bbbio_fullscreen_alt\u00bb bio_fullscreen_alt_hide_link_arrow=\u00bbtrue\u00bb image_loading=\u00bbdefault\u00bb team_member_bio_full_html=\u00bbhtml\u00bb hide_link_arrow=\u00bbtrue\u00bb name=\u00bbEmma Tallant\u00bb job_position=\u00bbNeuropsic\u00f3loga\u00bb social_icon_1=\u00bbfa fa-instagram\u00bb social_icon_2=\u00bbfa fa-twitter\u00bb]Siempre me ha gustado estar en relaci\u00f3n con los dem\u00e1s, por lo tanto, desde el principio tuve muy claro que quer\u00eda dedicarme a trabajar con personas. Me apasiona la psique humana y la relaci\u00f3n entre el cerebro, las emociones y el comportamiento. Desde el a\u00f1o 2003 me inici\u00e9 en el campo del da\u00f1o cerebral con adultos y ni\u00f1os, sintiendo que cada d\u00eda aprendo m\u00e1s de todos ellos.<\/p>\n<p>Como neuropsic\u00f3loga, parto del modelo cognitivo-conductual de base, no obstante, con los a\u00f1os ofrezco un modelo de trabajo m\u00e1s integrativo que engloba al conjunto de la persona, ya que considero que cada uno de nosotros tiene una historia y unas necesidades concretas y, por lo tanto, somos \u00fanicos. Por eso ofrezco todas las herramientas que tengo a mi disposici\u00f3n (aprendidas de una formaci\u00f3n continua) y valoramos cu\u00e1l es la que mejor encaja con la persona que necesita afrontar y mejorar el motivo por el cual acude a consulta.<\/p>\n<p><strong>Formaci\u00f3n:<\/strong><\/p>\n<ul>\n<li>Licenciada en Psicolog\u00eda y m\u00e1ster en diagn\u00f3stico y rehabilitaci\u00f3n neuropsicol\u00f3gica por la Universidad Aut\u00f3noma de Barcelona.<\/li>\n<li>Posgrado en Psiconeuroinmunoendocrinolog\u00eda por la Universidad de Barcelona.<\/li>\n<li>T\u00edtulo de experto en neuropsicolog\u00eda cl\u00ednica.<\/li>\n<li>Formaci\u00f3n en el concepto Basale Stimulation\u00ae y en el m\u00e9todo Affolter.<\/li>\n<li>Formaci\u00f3n en Programaci\u00f3n Neuroling\u00fc\u00edstica (60 horas) e inteligencia emocional (90 horas).<\/li>\n<li>Especializaci\u00f3n en reeducaci\u00f3n infantil TDAH y evaluaci\u00f3n neuropsicol\u00f3gica infantil.<\/li>\n<li>2,400 horas de pr\u00e1cticas en consulta neuropsicol\u00f3gica de adultos y tesina de investigaci\u00f3n en el Hospital Univ. Vall d\u2019Hebr\u00f3n (accidentes vasculares cerebrales, traumatismos craneoencef\u00e1licos, demencias y trastornos psiqui\u00e1tricos).<\/li>\n<\/ul>\n[\/team_member][nectar_cta btn_style=\u00bbbasic\u00bb heading_tag=\u00bbp\u00bb button_color=\u00bbdefault\u00bb text_color=\u00bb#b196c9&#8243; button_border_thickness=\u00bb0px\u00bb link_type=\u00bbregular\u00bb alignment=\u00bbleft\u00bb alignment_tablet=\u00bbdefault\u00bb alignment_phone=\u00bbdefault\u00bb display=\u00bbblock\u00bb display_tablet=\u00bbinherit\u00bb display_phone=\u00bbinherit\u00bb icon_family=\u00bbfontawesome\u00bb link_text=\u00bbemma@criv.es\u00bb icon_fontawesome=\u00bbfa fa-envelope\u00bb url=\u00bbmailto:emma@criv.es\u00bb][\/vc_column_inner][vc_column_inner column_padding=\u00bbno-extra-padding\u00bb column_padding_tablet=\u00bbinherit\u00bb column_padding_phone=\u00bbinherit\u00bb column_padding_position=\u00bball\u00bb column_element_direction_desktop=\u00bbdefault\u00bb column_element_spacing=\u00bb5px\u00bb desktop_text_alignment=\u00bbdefault\u00bb tablet_text_alignment=\u00bbdefault\u00bb phone_text_alignment=\u00bbdefault\u00bb background_color_opacity=\u00bb1&#8243; background_hover_color_opacity=\u00bb1&#8243; column_backdrop_filter=\u00bbnone\u00bb column_shadow=\u00bbnone\u00bb column_border_radius=\u00bbnone\u00bb column_link_target=\u00bb_self\u00bb overflow=\u00bbvisible\u00bb advanced_gradient_angle=\u00bb0&#8243; gradient_direction=\u00bbleft_to_right\u00bb overlay_strength=\u00bb0.3&#8243; width=\u00bb1\/3&#8243; tablet_width_inherit=\u00bbsmall_desktop\u00bb animation_type=\u00bbdefault\u00bb bg_image_animation=\u00bbnone\u00bb border_type=\u00bbsimple\u00bb column_border_width=\u00bbnone\u00bb column_border_style=\u00bbsolid\u00bb gradient_type=\u00bbdefault\u00bb column_padding_type=\u00bbdefault\u00bb][team_member image_url=\u00bb5432&#8243; team_memeber_style=\u00bbbio_fullscreen_alt\u00bb bio_fullscreen_alt_hide_link_arrow=\u00bbtrue\u00bb image_loading=\u00bbdefault\u00bb team_member_bio_full_html=\u00bbhtml\u00bb hide_link_arrow=\u00bbtrue\u00bb name=\u00bbGuillem Puig\u00bb job_position=\u00bbFisioterapeuta\u00bb social_icon_1=\u00bbfa fa-instagram\u00bb social_icon_2=\u00bbfa fa-twitter\u00bb]Junto con el resto de terapeutas del CRIV, dentro de la fisioterapia, intento realizar el tratamiento que m\u00e1s se adapte a las necesidades del paciente, centr\u00e1ndome en el trabajo del movimiento y la conciencia de este. Siempre pensando en mejorar la calidad de vida del paciente y tambi\u00e9n la de sus familiares.<\/p>\n<p><strong>Formaci\u00f3n:<\/strong><\/p>\n<ul>\n<li>Diplomado en fisioterapia por la Fundaci\u00f3n Universitaria del Bages, a\u00f1o 2004.<\/li>\n<li>Especialista Universitario en Punci\u00f3n Seca.<\/li>\n<li>Especialista Universitario en Fisioterapia Conservadora e Invasiva del S\u00edndrome de Dolor Miofascial y de la Fibromialgia.<\/li>\n<li>Formaci\u00f3n en Terapia Manual con el Concepto Maitland y Mulligan.<\/li>\n<li>Formaci\u00f3n en el tratamiento de las disfunciones de la Articulaci\u00f3n Temporomandibular y de la Columna Cervical.<\/li>\n<li>Formaci\u00f3n especializada en Fisioterapia en Neurolog\u00eda con el Concepto Bobath, Affolter y Estimulaci\u00f3n Basal.<\/li>\n<li>Formaci\u00f3n en Kinetic Control.<\/li>\n<\/ul>\n[\/team_member][nectar_cta btn_style=\u00bbbasic\u00bb heading_tag=\u00bbp\u00bb button_color=\u00bbdefault\u00bb text_color=\u00bb#b196c9&#8243; button_border_thickness=\u00bb0px\u00bb link_type=\u00bbregular\u00bb alignment=\u00bbleft\u00bb alignment_tablet=\u00bbdefault\u00bb alignment_phone=\u00bbdefault\u00bb display=\u00bbblock\u00bb display_tablet=\u00bbinherit\u00bb display_phone=\u00bbinherit\u00bb icon_family=\u00bbfontawesome\u00bb link_text=\u00bbguillem@criv.es\u00bb icon_fontawesome=\u00bbfa fa-envelope\u00bb url=\u00bbmailto:guillem@criv.es\u00bb][\/vc_column_inner][\/vc_row_inner][vc_row_inner column_margin=\u00bb30px\u00bb column_direction=\u00bbdefault\u00bb column_direction_tablet=\u00bbdefault\u00bb column_direction_phone=\u00bbdefault\u00bb bottom_padding=\u00bb50&#8243; bottom_padding_tablet=\u00bb25&#8243; text_align=\u00bbleft\u00bb row_position=\u00bbdefault\u00bb row_position_tablet=\u00bbinherit\u00bb row_position_phone=\u00bbinherit\u00bb overflow=\u00bbvisible\u00bb pointer_events=\u00bball\u00bb css=\u00bb.vc_custom_1720689485809{margin-bottom: 0px !important;}\u00bb][vc_column_inner column_padding=\u00bbno-extra-padding\u00bb column_padding_tablet=\u00bbinherit\u00bb column_padding_phone=\u00bbinherit\u00bb column_padding_position=\u00bball\u00bb column_element_direction_desktop=\u00bbdefault\u00bb column_element_spacing=\u00bb5px\u00bb desktop_text_alignment=\u00bbdefault\u00bb tablet_text_alignment=\u00bbdefault\u00bb phone_text_alignment=\u00bbdefault\u00bb background_color_opacity=\u00bb1&#8243; background_hover_color_opacity=\u00bb1&#8243; column_backdrop_filter=\u00bbnone\u00bb column_shadow=\u00bbnone\u00bb column_border_radius=\u00bbnone\u00bb column_link_target=\u00bb_self\u00bb overflow=\u00bbvisible\u00bb advanced_gradient_angle=\u00bb0&#8243; gradient_direction=\u00bbleft_to_right\u00bb overlay_strength=\u00bb0.3&#8243; width=\u00bb1\/3&#8243; tablet_width_inherit=\u00bbsmall_desktop\u00bb animation_type=\u00bbdefault\u00bb bg_image_animation=\u00bbnone\u00bb border_type=\u00bbsimple\u00bb column_border_width=\u00bbnone\u00bb column_border_style=\u00bbsolid\u00bb gradient_type=\u00bbdefault\u00bb column_padding_type=\u00bbdefault\u00bb][team_member image_url=\u00bb5433&#8243; team_memeber_style=\u00bbbio_fullscreen_alt\u00bb bio_fullscreen_alt_hide_link_arrow=\u00bbtrue\u00bb image_loading=\u00bbdefault\u00bb team_member_bio_full_html=\u00bbhtml\u00bb hide_link_arrow=\u00bbtrue\u00bb name=\u00bbMarta Comerma\u00bb job_position=\u00bbTerapeuta ocupacional\u00bb social_icon_1=\u00bbfa fa-instagram\u00bb social_icon_2=\u00bbfa fa-twitter\u00bb]Eleg\u00ed mi profesi\u00f3n porque une conceptos que valoro profundamente en mi vida laboral. Por un lado, la capacidad de ayudar a personas de diferentes edades y con diversos motivos es una motivaci\u00f3n constante. Por otro lado, la aplicaci\u00f3n cient\u00edfica de m\u00e9todos pr\u00e1cticos es un aspecto que me apasiona profundamente. Es un privilegio formar parte de un equipo que comparte estas mismas inquietudes.<\/p>\n<p><strong>Formaci\u00f3n:<\/strong><\/p>\n<ul>\n<li>Terapia Ocupacional UVIC 2002.<\/li>\n<li>Posgrado en Neurorehabilitaci\u00f3n en el Instituto Guttmann adscrito a la UAB.<\/li>\n<li>Certificaci\u00f3n en Integraci\u00f3n Sensorial por la Universidad Southern California n\u00famero 5094.<\/li>\n<li>Curso b\u00e1sico y de profundizaci\u00f3n en Estimulaci\u00f3n Basal.<\/li>\n<li>Introducci\u00f3n al m\u00e9todo Affolter.<\/li>\n<li>Curso de organizaci\u00f3n neurol\u00f3gica en el tratamiento de la lesi\u00f3n cerebral.<\/li>\n<li>Abordaje de la extremidad superior en el paciente neurol\u00f3gico desde la Terapia Ocupacional.<\/li>\n<li>Actualizaci\u00f3n en la evaluaci\u00f3n y tratamiento de la Extremidad Superior, EU Gimbernat.<\/li>\n<\/ul>\n[\/team_member][nectar_cta btn_style=\u00bbbasic\u00bb heading_tag=\u00bbp\u00bb button_color=\u00bbdefault\u00bb text_color=\u00bb#b196c9&#8243; button_border_thickness=\u00bb0px\u00bb link_type=\u00bbregular\u00bb alignment=\u00bbleft\u00bb alignment_tablet=\u00bbdefault\u00bb alignment_phone=\u00bbdefault\u00bb display=\u00bbblock\u00bb display_tablet=\u00bbinherit\u00bb display_phone=\u00bbinherit\u00bb icon_family=\u00bbfontawesome\u00bb link_text=\u00bbmarta@criv.es\u00bb icon_fontawesome=\u00bbfa fa-envelope\u00bb url=\u00bbmailto:marta@criv.es\u00bb][\/vc_column_inner][vc_column_inner column_padding=\u00bbno-extra-padding\u00bb column_padding_tablet=\u00bbinherit\u00bb column_padding_phone=\u00bbinherit\u00bb column_padding_position=\u00bball\u00bb column_element_direction_desktop=\u00bbdefault\u00bb column_element_spacing=\u00bb5px\u00bb desktop_text_alignment=\u00bbdefault\u00bb tablet_text_alignment=\u00bbdefault\u00bb phone_text_alignment=\u00bbdefault\u00bb background_color_opacity=\u00bb1&#8243; background_hover_color_opacity=\u00bb1&#8243; column_backdrop_filter=\u00bbnone\u00bb column_shadow=\u00bbnone\u00bb column_border_radius=\u00bbnone\u00bb column_link_target=\u00bb_self\u00bb overflow=\u00bbvisible\u00bb advanced_gradient_angle=\u00bb0&#8243; gradient_direction=\u00bbleft_to_right\u00bb overlay_strength=\u00bb0.3&#8243; width=\u00bb1\/3&#8243; tablet_width_inherit=\u00bbsmall_desktop\u00bb animation_type=\u00bbdefault\u00bb bg_image_animation=\u00bbnone\u00bb border_type=\u00bbsimple\u00bb column_border_width=\u00bbnone\u00bb column_border_style=\u00bbsolid\u00bb gradient_type=\u00bbdefault\u00bb column_padding_type=\u00bbdefault\u00bb][team_member image_url=\u00bb5438&#8243; team_memeber_style=\u00bbbio_fullscreen_alt\u00bb bio_fullscreen_alt_hide_link_arrow=\u00bbtrue\u00bb image_loading=\u00bbdefault\u00bb team_member_bio_full_html=\u00bbhtml\u00bb hide_link_arrow=\u00bbtrue\u00bb name=\u00bbRuben Paramio\u00bb job_position=\u00bbOste\u00f3pata\u00bb social_icon_1=\u00bbfa fa-instagram\u00bb social_icon_2=\u00bbfa fa-twitter\u00bb]Llegu\u00e9 a la osteopat\u00eda casi por casualidad, despu\u00e9s de haber sido deportista profesional durante muchos a\u00f1os. Al terminar mi carrera deportiva, busqu\u00e9 una manera de seguir conectado con el cuerpo y sus l\u00edmites, as\u00ed como de aplicar el conocimiento adquirido de una pr\u00e1ctica intensa del deporte. Comenc\u00e9 con Quiromasaje y Shiatsu, y fue a trav\u00e9s de este camino que descubr\u00ed la Osteopat\u00eda. En ese momento, era una disciplina poco conocida en este pa\u00eds, pero me cautiv\u00f3 profundamente despu\u00e9s de completar mis estudios de Fisioterapia y un m\u00e1ster de cuatro a\u00f1os. En aquel entonces, la mayor\u00eda de los oste\u00f3patas aqu\u00ed eran franceses, y el campo era fascinante y hab\u00eda mucho por explorar.<\/p>\n<p><strong>Formaci\u00f3n:<\/strong><\/p>\n<ul>\n<li>2000-2004: M\u00e1ster en Osteopat\u00eda \u2013 Universidad Ramon Llull y Fundaci\u00f3n de Osteopat\u00eda de Barcelona.<\/li>\n<li>1997-2000: Diplomado en Fisioterapia \u2013 Universidad Ramon Llull (Blanquerna).<\/li>\n<\/ul>\n<p><strong>Formaci\u00f3n continuada:<\/strong><\/p>\n<ul>\n<li>2024: Integraci\u00f3n Emocional. Bruno Ducoux. Medicina osteop\u00e1tica. Osteonex.<\/li>\n<li>2021: Curso de terapia manual en la pelvis masculina. David S\u00e1nchez Rienda.<\/li>\n<li>2021: Curso de valoraci\u00f3n y tratamiento de la pelvis femenina y masculina con enfoque intracavitario. David S\u00e1nchez Rienda.<\/li>\n<li>2019: Abordaje tisular de la osteopat\u00eda II (Escuela Osteopat\u00eda Tisular Juan Ba\u00f1uls) \u2013 Pierre Tricot.<\/li>\n<li>2018: Abordaje Tisular de la Osteopat\u00eda I (Escuela Osteopat\u00eda Tisular Juan Ba\u00f1uls) \u2013 Pierre Tricot.<\/li>\n<li>2017: Acompa\u00f1amiento Osteop\u00e1tico en la Obstetricia. Escuela del Concepto Osteop\u00e1tico.<\/li>\n<li>2015: T\u00e9cnicas fundamentales en osteopat\u00eda craneal. Escuela del Concepto Osteop\u00e1tico.<\/li>\n<li>2015: Osteopat\u00eda y control en la lucha contra la gravedad. International Institute of Advanced Studies in Osteopathy.<\/li>\n<li>2014: Abordaje terap\u00e9utico de la lesi\u00f3n muscular. Consell Catal\u00e0 de l\u2019Esport. Generalitat de Catalunya. Fisioterapia.<\/li>\n<li>2013: El sistema neurovegetativo. Medicina osteop\u00e1tica. Institut d\u2019Osteopatia Cl\u00ednica.<\/li>\n<li>2009: Posgrado en sistemas fluidos. Medicina osteop\u00e1tica. EOB.<\/li>\n<\/ul>\n<p><strong>Experiencia:<\/strong><\/p>\n<ul>\n<li>2007 &#8211; actualidad: Oste\u00f3pata en el CRIV.<\/li>\n<li>2018 &#8211; actualidad: Codirector de 4Mans.<\/li>\n<li>2004-2017: Oste\u00f3pata en Cetre CENIT.<\/li>\n<\/ul>\n<p><strong>Publicaciones:<\/strong><\/p>\n<p>\u00abRegeneraci\u00f3n enterotisular mediante abordaje ortomolecular.\u00bb Congreso de Naturopat\u00eda, Palau de Congressos de M\u00e1laga. Autores: Rub\u00e9n Paramio Luque, Mart\u00ed Castell\u00f3 Musellas, Montse Ribas Martin (m\u00e9dico de Familia), Manuel Navarro Lara (Naturopata). Protocolo de abordaje mediante suplementaci\u00f3n ortomolecular para el S\u00edndrome de Intestino Permeable y otras alteraciones intestinales.[\/team_member][nectar_cta btn_style=\u00bbbasic\u00bb heading_tag=\u00bbp\u00bb button_color=\u00bbdefault\u00bb text_color=\u00bb#b196c9&#8243; button_border_thickness=\u00bb0px\u00bb link_type=\u00bbregular\u00bb alignment=\u00bbleft\u00bb alignment_tablet=\u00bbdefault\u00bb alignment_phone=\u00bbdefault\u00bb display=\u00bbblock\u00bb display_tablet=\u00bbinherit\u00bb display_phone=\u00bbinherit\u00bb icon_family=\u00bbfontawesome\u00bb link_text=\u00bbruben@criv.es\u00bb icon_fontawesome=\u00bbfa fa-envelope\u00bb url=\u00bbmailto:ruben@criv.es\u00bb][\/vc_column_inner][vc_column_inner column_padding=\u00bbno-extra-padding\u00bb column_padding_tablet=\u00bbinherit\u00bb column_padding_phone=\u00bbinherit\u00bb column_padding_position=\u00bball\u00bb column_element_direction_desktop=\u00bbdefault\u00bb column_element_spacing=\u00bb5px\u00bb desktop_text_alignment=\u00bbdefault\u00bb tablet_text_alignment=\u00bbdefault\u00bb phone_text_alignment=\u00bbdefault\u00bb background_color_opacity=\u00bb1&#8243; background_hover_color_opacity=\u00bb1&#8243; column_backdrop_filter=\u00bbnone\u00bb column_shadow=\u00bbnone\u00bb column_border_radius=\u00bbnone\u00bb column_link_target=\u00bb_self\u00bb overflow=\u00bbvisible\u00bb advanced_gradient_angle=\u00bb0&#8243; gradient_direction=\u00bbleft_to_right\u00bb overlay_strength=\u00bb0.3&#8243; width=\u00bb1\/3&#8243; tablet_width_inherit=\u00bbsmall_desktop\u00bb animation_type=\u00bbdefault\u00bb bg_image_animation=\u00bbnone\u00bb border_type=\u00bbsimple\u00bb column_border_width=\u00bbnone\u00bb column_border_style=\u00bbsolid\u00bb gradient_type=\u00bbdefault\u00bb column_padding_type=\u00bbdefault\u00bb][team_member image_url=\u00bb5429&#8243; team_memeber_style=\u00bbbio_fullscreen_alt\u00bb bio_fullscreen_alt_hide_link_arrow=\u00bbtrue\u00bb image_loading=\u00bbdefault\u00bb team_member_bio_full_html=\u00bbhtml\u00bb hide_link_arrow=\u00bbtrue\u00bb name=\u00bbAnna Andreu\u00bb job_position=\u00bbFisioterapeuta\u00bb social_icon_1=\u00bbfa fa-instagram\u00bb social_icon_2=\u00bbfa fa-twitter\u00bb]Cuando descubr\u00ed la fisioterapia, gracias a una serie de televisi\u00f3n, tuve muy claro que esa profesi\u00f3n ser\u00eda mi futuro. La idea de futuro con la que comenc\u00e9 la carrera, sin embargo, cambi\u00f3 radicalmente cuando descubr\u00ed la fisioterapia respiratoria. Se present\u00f3 ante m\u00ed un universo desconocido y completamente diferente a la fisioterapia que hab\u00eda estudiado hasta ese momento, un universo nuevo y apasionante que me llev\u00f3 a decidir explorar y descubrir el mundo de las patolog\u00edas respiratorias y lo que puede hacer la fisioterapia para aportar su granito de arena.<\/p>\n<p>A partir de ese momento, mi objetivo ha sido aprender, formarme y trabajar en lo que es el motor de nuestro cuerpo: el sistema respiratorio, y en sus patolog\u00edas y afectaciones. Tambi\u00e9n trabajo y lucho por dar a conocer esta especialidad de la fisioterapia, tan necesaria y a la vez tan desconocida en nuestra sociedad.<\/p>\n<p>Adem\u00e1s de trabajar con todo tipo de pacientes con afectaciones respiratorias aqu\u00ed en el CRIV, tambi\u00e9n he trabajado como fisioterapeuta respiratoria en la Unidad de Neumolog\u00eda y en la Unidad de Cuidados Respiratorios Intermedios (UCRI \/ semicr\u00edticos) del Hospital General de Granollers, y soy profesora asociada en la Universidad de Vic \u2013 Universidad Central de Catalu\u00f1a y en TecnoCampus Matar\u00f3 (UPF). Tambi\u00e9n soy profesora de formaci\u00f3n continua en las Escuelas Universitarias Gimbernat (UAB) y en el Colegio de Fisioterapeutas de Catalu\u00f1a.<\/p>\n<p>La fisioterapia respiratoria es mi pasi\u00f3n.<\/p>\n<p><strong>Formaci\u00f3n:<\/strong><\/p>\n<ul>\n<li>Diplomada en Fisioterapia. Facultad de Ciencias de la Salud Blanquerna. Universidad Ramon Llull. 2011.<\/li>\n<li>M\u00e1ster Universitario en Investigaci\u00f3n Traslacional en Fisioterapia. Escuelas Universitarias Gimbernat. Universidad Aut\u00f3noma de Barcelona. 2014.<\/li>\n<li>M\u00e1ster Universitario en Fisioterapia del T\u00f3rax. Escuelas Universitarias Gimbernat. Universidad Aut\u00f3noma de Barcelona. 2015.<\/li>\n<li>Curso de especialista Indiba. 2016.<\/li>\n<li>Curso de Prevenci\u00f3n y control de infecciones causadas por el nuevo coronavirus (COVID-19). OMS. 2020.<\/li>\n<li>Curso de Protocolos para prevenir los contagios por COVID-19. Colegio de Fisioterapeutas de Catalu\u00f1a. 2021.<\/li>\n<li>COVID-19 Respiratory Update Session. 2021.<\/li>\n<li>Curso de Manejo del paciente COVID-19 cr\u00edtico y semicr\u00edtico. Universidad de Barcelona. 2021.<\/li>\n<li>Programa formativo de actualizaci\u00f3n en ejercicio terap\u00e9utico. Consejo General de Colegios de Fisioterapeutas. 2022.<\/li>\n<li>Curso de complementaci\u00f3n al programa formativo de actualizaci\u00f3n en ejercicio terap\u00e9utico. Consejo General de Colegios de Fisioterapeutas. 2024.<\/li>\n<\/ul>\n[\/team_member][nectar_cta btn_style=\u00bbbasic\u00bb heading_tag=\u00bbp\u00bb button_color=\u00bbdefault\u00bb text_color=\u00bb#b196c9&#8243; button_border_thickness=\u00bb0px\u00bb link_type=\u00bbregular\u00bb alignment=\u00bbleft\u00bb alignment_tablet=\u00bbdefault\u00bb alignment_phone=\u00bbdefault\u00bb display=\u00bbblock\u00bb display_tablet=\u00bbinherit\u00bb display_phone=\u00bbinherit\u00bb icon_family=\u00bbfontawesome\u00bb link_text=\u00bbannaandreu@criv.es\u00bb icon_fontawesome=\u00bbfa fa-envelope\u00bb url=\u00bbmailto:annaandreu@criv.es\u00bb][\/vc_column_inner][\/vc_row_inner][vc_row_inner column_margin=\u00bb30px\u00bb column_direction=\u00bbdefault\u00bb column_direction_tablet=\u00bbdefault\u00bb column_direction_phone=\u00bbdefault\u00bb text_align=\u00bbleft\u00bb row_position=\u00bbdefault\u00bb row_position_tablet=\u00bbinherit\u00bb row_position_phone=\u00bbinherit\u00bb overflow=\u00bbvisible\u00bb pointer_events=\u00bball\u00bb css=\u00bb.vc_custom_1720608215745{margin-bottom: 0px !important;}\u00bb][vc_column_inner column_padding=\u00bbno-extra-padding\u00bb column_padding_tablet=\u00bbinherit\u00bb column_padding_phone=\u00bbinherit\u00bb column_padding_position=\u00bball\u00bb column_element_direction_desktop=\u00bbdefault\u00bb column_element_spacing=\u00bb5px\u00bb desktop_text_alignment=\u00bbdefault\u00bb tablet_text_alignment=\u00bbdefault\u00bb phone_text_alignment=\u00bbdefault\u00bb background_color_opacity=\u00bb1&#8243; background_hover_color_opacity=\u00bb1&#8243; column_backdrop_filter=\u00bbnone\u00bb column_shadow=\u00bbnone\u00bb column_border_radius=\u00bbnone\u00bb column_link_target=\u00bb_self\u00bb overflow=\u00bbvisible\u00bb advanced_gradient_angle=\u00bb0&#8243; gradient_direction=\u00bbleft_to_right\u00bb overlay_strength=\u00bb0.3&#8243; width=\u00bb1\/3&#8243; tablet_width_inherit=\u00bbsmall_desktop\u00bb animation_type=\u00bbdefault\u00bb bg_image_animation=\u00bbnone\u00bb border_type=\u00bbsimple\u00bb column_border_width=\u00bbnone\u00bb column_border_style=\u00bbsolid\u00bb gradient_type=\u00bbdefault\u00bb column_padding_type=\u00bbdefault\u00bb][team_member image_url=\u00bb5437&#8243; team_memeber_style=\u00bbbio_fullscreen_alt\u00bb bio_fullscreen_alt_hide_link_arrow=\u00bbtrue\u00bb image_loading=\u00bbdefault\u00bb team_member_bio_full_html=\u00bbhtml\u00bb hide_link_arrow=\u00bbtrue\u00bb name=\u00bbNoor Beghanou\u00bb job_position=\u00bbLogopeda\u00bb social_icon_1=\u00bbfa fa-instagram\u00bb social_icon_2=\u00bbfa fa-twitter\u00bb]Me decid\u00ed por la logopedia porque es un mundo apasionante. A medida que me fui introduciendo en esta profesi\u00f3n, descubr\u00ed diferentes ramas. Una de ellas es la neurologopedia, la cual me intrig\u00f3 y en la que me especialic\u00e9.<\/p>\n<p>Mi motivaci\u00f3n es poder ver c\u00f3mo las personas avanzan y poder formar parte de ese proceso. Mi objetivo como profesional es poder aumentar la calidad de vida en el \u00e1mbito logop\u00e9dico.<\/p>\n<p><strong>Formaci\u00f3n:<\/strong><\/p>\n<ul>\n<li>Grado en Logopedia por la Universidad Aut\u00f3noma de Barcelona.<\/li>\n<li>M\u00e1ster en Neurologopedia por la Escuela de Patolog\u00eda y del Lenguaje del Hospital de la Santa Creu y Sant Pau.<\/li>\n<li>Formaci\u00f3n en Terapias intensivas en el tratamiento de la afasia.<\/li>\n<\/ul>\n[\/team_member][nectar_cta btn_style=\u00bbbasic\u00bb heading_tag=\u00bbp\u00bb button_color=\u00bbdefault\u00bb text_color=\u00bb#b196c9&#8243; button_border_thickness=\u00bb0px\u00bb link_type=\u00bbregular\u00bb alignment=\u00bbleft\u00bb alignment_tablet=\u00bbdefault\u00bb alignment_phone=\u00bbdefault\u00bb display=\u00bbblock\u00bb display_tablet=\u00bbinherit\u00bb display_phone=\u00bbinherit\u00bb icon_family=\u00bbfontawesome\u00bb link_text=\u00bbnoor@criv.es\u00bb icon_fontawesome=\u00bbfa fa-envelope\u00bb url=\u00bbmailto:noor@criv.es\u00bb][\/vc_column_inner][vc_column_inner column_padding=\u00bbno-extra-padding\u00bb column_padding_tablet=\u00bbinherit\u00bb column_padding_phone=\u00bbinherit\u00bb column_padding_position=\u00bball\u00bb column_element_direction_desktop=\u00bbdefault\u00bb column_element_spacing=\u00bb5px\u00bb desktop_text_alignment=\u00bbdefault\u00bb tablet_text_alignment=\u00bbdefault\u00bb phone_text_alignment=\u00bbdefault\u00bb background_color_opacity=\u00bb1&#8243; background_hover_color_opacity=\u00bb1&#8243; column_backdrop_filter=\u00bbnone\u00bb column_shadow=\u00bbnone\u00bb column_border_radius=\u00bbnone\u00bb column_link_target=\u00bb_self\u00bb overflow=\u00bbvisible\u00bb advanced_gradient_angle=\u00bb0&#8243; gradient_direction=\u00bbleft_to_right\u00bb overlay_strength=\u00bb0.3&#8243; width=\u00bb1\/3&#8243; tablet_width_inherit=\u00bbsmall_desktop\u00bb animation_type=\u00bbdefault\u00bb bg_image_animation=\u00bbnone\u00bb border_type=\u00bbsimple\u00bb column_border_width=\u00bbnone\u00bb column_border_style=\u00bbsolid\u00bb gradient_type=\u00bbdefault\u00bb column_padding_type=\u00bbdefault\u00bb][team_member image_url=\u00bb5439&#8243; team_memeber_style=\u00bbbio_fullscreen_alt\u00bb bio_fullscreen_alt_hide_link_arrow=\u00bbtrue\u00bb image_loading=\u00bbdefault\u00bb team_member_bio_full_html=\u00bbhtml\u00bb hide_link_arrow=\u00bbtrue\u00bb name=\u00bbSandra Rierola\u00bb job_position=\u00bbFisioterapeuta\u00bb social_icon_1=\u00bbfa fa-instagram\u00bb social_icon_2=\u00bbfa fa-twitter\u00bb]Una lesi\u00f3n y la posterior rehabilitaci\u00f3n me permitieron conocer e interesarme por el mundo de la fisioterapia. Desde que termin\u00e9 el grado en fisioterapia, vi que me gustaba la neurolog\u00eda y todos los aspectos y patolog\u00edas relacionadas con el sistema nervioso central y perif\u00e9rico. Poder acompa\u00f1ar y ayudar a las personas en determinados momentos de la vida y el v\u00ednculo que se crea con cada una de ellas es lo que m\u00e1s me apasiona de mi profesi\u00f3n.<\/p>\n<p><strong>Formaci\u00f3n Acad\u00e9mica:<\/strong><\/p>\n<ul>\n<li>2014: Grado en Fisioterapia. Escuelas Universitarias Gimbernat y Tom\u00e0s Cerd\u00e0.<\/li>\n<li>2019: M\u00e1ster en Fisioterapia Neurol\u00f3gica. Universidad Internacional de Valencia.<\/li>\n<li>2020: M\u00e1ster en Investigaci\u00f3n Traslacional en Fisioterapia. Escuelas Universitarias Gimbernat y Tom\u00e0s Cerd\u00e0.<\/li>\n<li>2024: Doctorado en Cuidados Integrales y Servicios de la Salud. Sobre t\u00e9cnicas de representaci\u00f3n del movimiento. Universidad de Vic &#8211; Universidad Central de Catalu\u00f1a.<\/li>\n<\/ul>\n<p><strong>Formaci\u00f3n Continuada:<\/strong><\/p>\n<ul>\n<li>Curso de punci\u00f3n seca.<\/li>\n<li>Curso de movimiento normal concepto Bobath.<\/li>\n<li>Estrategias de tratamiento basadas en t\u00e9cnicas de representaci\u00f3n del movimiento.<\/li>\n<li>Formaci\u00f3n en equilibrio y control motor.<\/li>\n<li>Curso de introducci\u00f3n al m\u00e9todo Perfetti (Ejercicio terap\u00e9utico cognitivo).<\/li>\n<\/ul>\n[\/team_member][nectar_cta btn_style=\u00bbbasic\u00bb heading_tag=\u00bbp\u00bb button_color=\u00bbdefault\u00bb text_color=\u00bb#b196c9&#8243; button_border_thickness=\u00bb0px\u00bb link_type=\u00bbregular\u00bb alignment=\u00bbleft\u00bb alignment_tablet=\u00bbdefault\u00bb alignment_phone=\u00bbdefault\u00bb display=\u00bbblock\u00bb display_tablet=\u00bbinherit\u00bb display_phone=\u00bbinherit\u00bb icon_family=\u00bbfontawesome\u00bb link_text=\u00bbsandra@criv.es\u00bb icon_fontawesome=\u00bbfa fa-envelope\u00bb url=\u00bbmailto:sandra@criv.es\u00bb][\/vc_column_inner][vc_column_inner column_padding=\u00bbno-extra-padding\u00bb column_padding_tablet=\u00bbinherit\u00bb column_padding_phone=\u00bbinherit\u00bb column_padding_position=\u00bball\u00bb column_element_direction_desktop=\u00bbdefault\u00bb column_element_spacing=\u00bb5px\u00bb desktop_text_alignment=\u00bbdefault\u00bb tablet_text_alignment=\u00bbdefault\u00bb phone_text_alignment=\u00bbdefault\u00bb background_color_opacity=\u00bb1&#8243; background_hover_color_opacity=\u00bb1&#8243; column_backdrop_filter=\u00bbnone\u00bb column_shadow=\u00bbnone\u00bb column_border_radius=\u00bbnone\u00bb column_link_target=\u00bb_self\u00bb overflow=\u00bbvisible\u00bb advanced_gradient_angle=\u00bb0&#8243; gradient_direction=\u00bbleft_to_right\u00bb overlay_strength=\u00bb0.3&#8243; width=\u00bb1\/3&#8243; tablet_width_inherit=\u00bbsmall_desktop\u00bb animation_type=\u00bbdefault\u00bb bg_image_animation=\u00bbnone\u00bb border_type=\u00bbsimple\u00bb column_border_width=\u00bbnone\u00bb column_border_style=\u00bbsolid\u00bb gradient_type=\u00bbdefault\u00bb column_padding_type=\u00bbdefault\u00bb][team_member image_url=\u00bb5712&#8243; team_memeber_style=\u00bbbio_fullscreen_alt\u00bb bio_fullscreen_alt_hide_link_arrow=\u00bbtrue\u00bb image_loading=\u00bbdefault\u00bb team_member_bio_full_html=\u00bbhtml\u00bb hide_link_arrow=\u00bbtrue\u00bb name=\u00bbMaria Autet\u00bb job_position=\u00bbLogopeda\u00bb social_icon_1=\u00bbfa fa-instagram\u00bb social_icon_2=\u00bbfa fa-twitter\u00bb]Soy Mar\u00eda, logopeda (Col. 5040) del CRIV. Escog\u00ed esta profesi\u00f3n porque me gusta ayudar las personas y acompa\u00f1arlas en su proceso de mejora. Poder ver como evolucionan y superar retos juntos es una de las partes m\u00e1s bonitas de mi trabajo. Una vez acab\u00e9 los estudios, decid\u00ed especializarme en neurologop\u00e8dia, puesto que es un \u00e1mbito que me apasiona y me permite trabajar tanto con ni\u00f1os como con adultos, adapt\u00e1ndome en las necesidades de cada cual.<\/p>\n<p>Me considero una persona emp\u00e1tica, exigente y positiva, con facilidad para trabajar en equipos interdisciplinarios. Me gusta ofrecer intervenciones din\u00e1micas, participativas y personalizadas, con el objetivo de motivar el paciente y potenciar al m\u00e1ximo los resultados terap\u00e9uticos. Adem\u00e1s, doy una gran importancia a la formaci\u00f3n continuada, por as\u00ed poder ofrecer una atenci\u00f3n de calidad, actual y efectiva a mis pacientes.<\/p>\n<p><strong>Formaci\u00f3n:<\/strong><\/p>\n<ul>\n<li>Grado en Logopedia por la Universitat Ramon Llull, Blanquerna.<\/li>\n<li>M\u00e1ster en Neurologop\u00e8dia por la Escuela de Patolog\u00eda y del Lenguaje (ECNPL) del Hospital de la Santa Creu y Sant Pau.<\/li>\n<li>Formaci\u00f3n en Degluci\u00f3n Disfuncional. Valoraci\u00f3n e intervenci\u00f3n logop\u00e9dica.<\/li>\n<li>Formaci\u00f3n en vendaje Neuromuscular y Crosstape.<\/li>\n<li>Formaci\u00f3n en Sistemas Aumentativos y Alternativos de la comunicaci\u00f3n.<\/li>\n<li>Formaci\u00f3n en Evaluaci\u00f3n Cl\u00ednica de los Fonamentos del Lenguaje (CELF-5)<\/li>\n<\/ul>\n[\/team_member][nectar_cta btn_style=\u00bbbasic\u00bb heading_tag=\u00bbp\u00bb button_color=\u00bbdefault\u00bb text_color=\u00bb#b196c9&#8243; button_border_thickness=\u00bb0px\u00bb link_type=\u00bbregular\u00bb alignment=\u00bbleft\u00bb alignment_tablet=\u00bbdefault\u00bb alignment_phone=\u00bbdefault\u00bb display=\u00bbblock\u00bb display_tablet=\u00bbinherit\u00bb display_phone=\u00bbinherit\u00bb icon_family=\u00bbfontawesome\u00bb link_text=\u00bbmaria.autet@criv.es\u00bb icon_fontawesome=\u00bbfa fa-envelope\u00bb url=\u00bbmailto:maria.autet@criv.es\u00bb][\/vc_column_inner][\/vc_row_inner][vc_row_inner column_margin=\u00bb30px\u00bb column_direction=\u00bbdefault\u00bb column_direction_tablet=\u00bbdefault\u00bb column_direction_phone=\u00bbdefault\u00bb text_align=\u00bbleft\u00bb row_position=\u00bbdefault\u00bb row_position_tablet=\u00bbinherit\u00bb row_position_phone=\u00bbinherit\u00bb overflow=\u00bbvisible\u00bb pointer_events=\u00bball\u00bb css=\u00bb.vc_custom_1720608215745{margin-bottom: 0px !important;}\u00bb][vc_column_inner column_padding=\u00bbno-extra-padding\u00bb column_padding_tablet=\u00bbinherit\u00bb column_padding_phone=\u00bbinherit\u00bb column_padding_position=\u00bball\u00bb column_element_direction_desktop=\u00bbdefault\u00bb column_element_spacing=\u00bb5px\u00bb desktop_text_alignment=\u00bbdefault\u00bb tablet_text_alignment=\u00bbdefault\u00bb phone_text_alignment=\u00bbdefault\u00bb background_color_opacity=\u00bb1&#8243; background_hover_color_opacity=\u00bb1&#8243; column_backdrop_filter=\u00bbnone\u00bb column_shadow=\u00bbnone\u00bb column_border_radius=\u00bbnone\u00bb column_link_target=\u00bb_self\u00bb overflow=\u00bbvisible\u00bb advanced_gradient_angle=\u00bb0&#8243; gradient_direction=\u00bbleft_to_right\u00bb overlay_strength=\u00bb0.3&#8243; width=\u00bb1\/3&#8243; tablet_width_inherit=\u00bbsmall_desktop\u00bb animation_type=\u00bbdefault\u00bb bg_image_animation=\u00bbnone\u00bb border_type=\u00bbsimple\u00bb column_border_width=\u00bbnone\u00bb column_border_style=\u00bbsolid\u00bb gradient_type=\u00bbdefault\u00bb column_padding_type=\u00bbdefault\u00bb][team_member image_url=\u00bb5716&#8243; team_memeber_style=\u00bbbio_fullscreen_alt\u00bb bio_fullscreen_alt_hide_link_arrow=\u00bbtrue\u00bb image_loading=\u00bbdefault\u00bb team_member_bio_full_html=\u00bbhtml\u00bb hide_link_arrow=\u00bbtrue\u00bb name=\u00bbMeritxell Franquesa\u00bb job_position=\u00bbFisioterapeuta\u00bb social_icon_1=\u00bbfa fa-instagram\u00bb social_icon_2=\u00bbfa fa-twitter\u00bb]Desde peque\u00f1a ten\u00eda claro que quer\u00eda ser fisioterapeuta. Sin embargo, cuando lleg\u00f3 el momento de escoger camino, la vida me llev\u00f3 a otra profesi\u00f3n, a la que me dediqu\u00e9 durante varios a\u00f1os. Aunque fue una etapa enriquecedora, sent\u00eda que me faltaba algo: esa conexi\u00f3n real con lo que hac\u00eda.<\/p>\n<p>Fue entonces cuando decid\u00ed escucharme, hacer un cambio de rumbo y seguir lo que siempre hab\u00eda o\u00eddo. Empec\u00e9 los estudios de fisioterapia, y desde el primer d\u00eda supe que hab\u00eda tomado la mejor decisi\u00f3n.<\/p>\n<p>Durante la carrera, descubr\u00ed, gracias a dos grandes profesionales, la neurorrehabilitaci\u00f3n, un \u00e1mbito que me ha hecho entender la fisioterapia como una forma de acompa\u00f1ar, dar herramientas y mejorar la calidad de vida de las personas. Hoy, \u00e9sta es mi vocaci\u00f3n y lo que me hace sentir plenamente realizada.<\/p>\n<p><strong>Formaci\u00f3n:<\/strong><\/p>\n<ul>\n<li>Grado en Fisioterapia por la Universidad de Vic &#8211; Universidad Central de Catalu\u00f1a<\/li>\n<li>Curso de Dolor Miofascial y Puntos Gallet. Punci\u00f3n seca y tratamiento conservador<\/li>\n<\/ul>\n[\/team_member][nectar_cta btn_style=\u00bbbasic\u00bb heading_tag=\u00bbp\u00bb button_color=\u00bbdefault\u00bb text_color=\u00bb#b196c9&#8243; button_border_thickness=\u00bb0px\u00bb link_type=\u00bbregular\u00bb alignment=\u00bbleft\u00bb alignment_tablet=\u00bbdefault\u00bb alignment_phone=\u00bbdefault\u00bb display=\u00bbblock\u00bb display_tablet=\u00bbinherit\u00bb display_phone=\u00bbinherit\u00bb icon_family=\u00bbfontawesome\u00bb link_text=\u00bbmeritxell@criv.es\u00bb icon_fontawesome=\u00bbfa fa-envelope\u00bb url=\u00bbmailto:meritxell@criv.es\u00bb][\/vc_column_inner][vc_column_inner column_padding=\u00bbno-extra-padding\u00bb column_padding_tablet=\u00bbinherit\u00bb column_padding_phone=\u00bbinherit\u00bb column_padding_position=\u00bball\u00bb column_element_direction_desktop=\u00bbdefault\u00bb column_element_spacing=\u00bb5px\u00bb desktop_text_alignment=\u00bbdefault\u00bb tablet_text_alignment=\u00bbdefault\u00bb phone_text_alignment=\u00bbdefault\u00bb background_color_opacity=\u00bb1&#8243; background_hover_color_opacity=\u00bb1&#8243; column_backdrop_filter=\u00bbnone\u00bb column_shadow=\u00bbnone\u00bb column_border_radius=\u00bbnone\u00bb column_link_target=\u00bb_self\u00bb overflow=\u00bbvisible\u00bb advanced_gradient_angle=\u00bb0&#8243; gradient_direction=\u00bbleft_to_right\u00bb overlay_strength=\u00bb0.3&#8243; width=\u00bb1\/3&#8243; tablet_width_inherit=\u00bbsmall_desktop\u00bb animation_type=\u00bbdefault\u00bb bg_image_animation=\u00bbnone\u00bb border_type=\u00bbsimple\u00bb column_border_width=\u00bbnone\u00bb column_border_style=\u00bbsolid\u00bb gradient_type=\u00bbdefault\u00bb column_padding_type=\u00bbdefault\u00bb][team_member image_url=\u00bb5720&#8243; team_memeber_style=\u00bbbio_fullscreen_alt\u00bb bio_fullscreen_alt_hide_link_arrow=\u00bbtrue\u00bb image_loading=\u00bbdefault\u00bb team_member_bio_full_html=\u00bbhtml\u00bb hide_link_arrow=\u00bbtrue\u00bb name=\u00bbRosmery Pineda\u00bb job_position=\u00bbLogopeda\u00bb social_icon_1=\u00bbfa fa-instagram\u00bb social_icon_2=\u00bbfa fa-twitter\u00bb]Neurologopeda, especialista en la evaluaci\u00f3n, diagn\u00f3stico y tratamiento de los trastornos del lenguaje, la comunicaci\u00f3n, la voz y la degluci\u00f3n de origen neurol\u00f3gico. Mi trabajo se centra en acompa\u00f1ar a personas que han sufrido da\u00f1os cerebrales, enfermedades neurodegenerativas, procesos oncol\u00f3gicos o alteraciones del desarrollo neurol\u00f3gico, ayud\u00e1ndoles a recuperar o mejorar sus capacidades comunicativas y funcionales en su d\u00eda a d\u00eda.<\/p>\n<p>Colaboro con el Instituto Catal\u00e1n de la Salud, a d\u00eda de hoy en el Hospital Universitari Vall d&#8217;Hebron, dentro de la Unidad de Cirug\u00eda Oral y Maxilofacial, Cirug\u00eda Pl\u00e1stica Reparadora y con pacientes oncol\u00f3gicos, apoyo especializado en la rehabilitaci\u00f3n postquir\u00fargica, tratamientos invasivos y afectaciones derivadas de la enfermedad. Formo parte de un equipo multidisciplinar que da respuesta a casos cl\u00ednicos complejos desde una perspectiva integral y centrada en la persona.<\/p>\n<p>Me gusta escuchar, entender y adaptarme a cada paciente. Trabajo desde la proximidad, con empat\u00eda y rigor, para ofrecer un tratamiento que realmente se ajuste a sus necesidades y objetivos. Cada proceso es \u00fanico, y mi compromiso es acompa\u00f1arle con profesionalidad y sensibilidad.<\/p>\n<p><strong>Formaci\u00f3n:<\/strong><\/p>\n<ul>\n<li>Grado en Logopedia con menci\u00f3n en Da\u00f1o Cerebral Adquirido<\/li>\n<li>Universidad de Valencia. &#8211; M\u00e1ster en Neurologopedia<\/li>\n<li>Escuela de Postgrado de Medicina y Sanidad.<\/li>\n<li>Postgrado en Pediatr\u00eda Integral &#8211; Western Europe University.<\/li>\n<li>Especialista Universitario en Salud P\u00fablica y Educaci\u00f3n para la Salud<\/li>\n<li>Universidad de Vitoria-Gasteiz (EUNEIZ).<\/li>\n<li>M\u00e1ster en Ciencias del Sistema Nervioso con menci\u00f3n en Neurolog\u00eda y Rehabilitaci\u00f3n<\/li>\n<li>Universidad Rovira i Virgili (URV).<\/li>\n<\/ul>\n[\/team_member][nectar_cta btn_style=\u00bbbasic\u00bb heading_tag=\u00bbp\u00bb button_color=\u00bbdefault\u00bb text_color=\u00bb#b196c9&#8243; button_border_thickness=\u00bb0px\u00bb link_type=\u00bbregular\u00bb alignment=\u00bbleft\u00bb alignment_tablet=\u00bbdefault\u00bb alignment_phone=\u00bbdefault\u00bb display=\u00bbblock\u00bb display_tablet=\u00bbinherit\u00bb display_phone=\u00bbinherit\u00bb icon_family=\u00bbfontawesome\u00bb link_text=\u00bbrosmery@criv.es\u00bb icon_fontawesome=\u00bbfa fa-envelope\u00bb url=\u00bbmailto:rosmery@criv.es\u00bb][\/vc_column_inner][\/vc_row_inner][\/vc_column][\/vc_row]\n","protected":false},"excerpt":{"rendered":"<p>[vc_row type=\u00bbfull_width_background\u00bb full_screen_row_position=\u00bbmiddle\u00bb column_margin=\u00bbdefault\u00bb column_direction=\u00bbdefault\u00bb column_direction_tablet=\u00bbdefault\u00bb column_direction_phone=\u00bbdefault\u00bb scene_position=\u00bbcenter\u00bb top_padding=\u00bb100&#8243; constrain_group_1=\u00bbyes\u00bb bottom_padding=\u00bb100&#8243; constrain_group_2=\u00bbyes\u00bb top_padding_tablet=\u00bb50&#8243; constrain_group_3=\u00bbyes\u00bb bottom_padding_tablet=\u00bb50&#8243; text_color=\u00bbdark\u00bb text_align=\u00bbleft\u00bb row_border_radius=\u00bbnone\u00bb row_border_radius_applies=\u00bbbg\u00bb overflow=\u00bbvisible\u00bb id=\u00bbteam\u00bb advanced_gradient_angle=\u00bb0&#8243; overlay_strength=\u00bb0.3&#8243; gradient_direction=\u00bbleft_to_right\u00bb shape_divider_position=\u00bbbottom\u00bb bg_image_animation=\u00bbnone\u00bb gradient_type=\u00bbdefault\u00bb shape_type=\u00bb\u00bb][vc_column column_padding=\u00bbno-extra-padding\u00bb column_padding_tablet=\u00bbinherit\u00bb&#8230;<\/p>\n","protected":false},"author":1,"featured_media":0,"parent":0,"menu_order":0,"comment_status":"closed","ping_status":"closed","template":"","meta":{"footnotes":""},"class_list":["post-5550","page","type-page","status-publish"],"yoast_head":"<!-- This site is optimized with the Yoast SEO plugin v26.2 - https:\/\/yoast.com\/wordpress\/plugins\/seo\/ -->\n<title>Profesionales - Criv<\/title>\n<meta name=\"robots\" content=\"index, follow, max-snippet:-1, max-image-preview:large, max-video-preview:-1\" \/>\n<link rel=\"canonical\" href=\"https:\/\/criv.es\/es\/professionals\/\" \/>\n<meta property=\"og:locale\" content=\"es_ES\" \/>\n<meta property=\"og:type\" content=\"article\" \/>\n<meta property=\"og:title\" content=\"Profesionales - Criv\" \/>\n<meta property=\"og:description\" content=\"[vc_row type=\u00bbfull_width_background\u00bb full_screen_row_position=\u00bbmiddle\u00bb column_margin=\u00bbdefault\u00bb column_direction=\u00bbdefault\u00bb column_direction_tablet=\u00bbdefault\u00bb column_direction_phone=\u00bbdefault\u00bb scene_position=\u00bbcenter\u00bb top_padding=\u00bb100&#8243; constrain_group_1=\u00bbyes\u00bb bottom_padding=\u00bb100&#8243; constrain_group_2=\u00bbyes\u00bb top_padding_tablet=\u00bb50&#8243; constrain_group_3=\u00bbyes\u00bb bottom_padding_tablet=\u00bb50&#8243; text_color=\u00bbdark\u00bb text_align=\u00bbleft\u00bb row_border_radius=\u00bbnone\u00bb row_border_radius_applies=\u00bbbg\u00bb overflow=\u00bbvisible\u00bb id=\u00bbteam\u00bb advanced_gradient_angle=\u00bb0&#8243; overlay_strength=\u00bb0.3&#8243; gradient_direction=\u00bbleft_to_right\u00bb shape_divider_position=\u00bbbottom\u00bb bg_image_animation=\u00bbnone\u00bb gradient_type=\u00bbdefault\u00bb shape_type=\u00bb\u00bb][vc_column column_padding=\u00bbno-extra-padding\u00bb column_padding_tablet=\u00bbinherit\u00bb...\" \/>\n<meta property=\"og:url\" content=\"https:\/\/criv.es\/es\/professionals\/\" \/>\n<meta property=\"og:site_name\" content=\"Criv\" \/>\n<meta property=\"article:modified_time\" content=\"2025-11-11T07:00:27+00:00\" \/>\n<meta name=\"twitter:card\" content=\"summary_large_image\" \/>\n<meta name=\"twitter:label1\" content=\"Tiempo de lectura\" \/>\n\t<meta name=\"twitter:data1\" content=\"22 minutos\" \/>\n<script type=\"application\/ld+json\" class=\"yoast-schema-graph\">{\"@context\":\"https:\/\/schema.org\",\"@graph\":[{\"@type\":\"WebPage\",\"@id\":\"https:\/\/criv.es\/es\/professionals\/\",\"url\":\"https:\/\/criv.es\/es\/professionals\/\",\"name\":\"Profesionales - Criv\",\"isPartOf\":{\"@id\":\"https:\/\/criv.es\/#website\"},\"datePublished\":\"2024-07-03T10:27:28+00:00\",\"dateModified\":\"2025-11-11T07:00:27+00:00\",\"breadcrumb\":{\"@id\":\"https:\/\/criv.es\/es\/professionals\/#breadcrumb\"},\"inLanguage\":\"es\",\"potentialAction\":[{\"@type\":\"ReadAction\",\"target\":[\"https:\/\/criv.es\/es\/professionals\/\"]}]},{\"@type\":\"BreadcrumbList\",\"@id\":\"https:\/\/criv.es\/es\/professionals\/#breadcrumb\",\"itemListElement\":[{\"@type\":\"ListItem\",\"position\":1,\"name\":\"Portada\",\"item\":\"https:\/\/criv.es\/\"},{\"@type\":\"ListItem\",\"position\":2,\"name\":\"Profesionales\"}]},{\"@type\":\"WebSite\",\"@id\":\"https:\/\/criv.es\/#website\",\"url\":\"https:\/\/criv.es\/\",\"name\":\"Criv\",\"description\":\"\",\"potentialAction\":[{\"@type\":\"SearchAction\",\"target\":{\"@type\":\"EntryPoint\",\"urlTemplate\":\"https:\/\/criv.es\/?s={search_term_string}\"},\"query-input\":{\"@type\":\"PropertyValueSpecification\",\"valueRequired\":true,\"valueName\":\"search_term_string\"}}],\"inLanguage\":\"es\"}]}<\/script>\n<!-- \/ Yoast SEO plugin. -->","yoast_head_json":{"title":"Profesionales - Criv","robots":{"index":"index","follow":"follow","max-snippet":"max-snippet:-1","max-image-preview":"max-image-preview:large","max-video-preview":"max-video-preview:-1"},"canonical":"https:\/\/criv.es\/es\/professionals\/","og_locale":"es_ES","og_type":"article","og_title":"Profesionales - Criv","og_description":"[vc_row type=\u00bbfull_width_background\u00bb full_screen_row_position=\u00bbmiddle\u00bb column_margin=\u00bbdefault\u00bb column_direction=\u00bbdefault\u00bb column_direction_tablet=\u00bbdefault\u00bb column_direction_phone=\u00bbdefault\u00bb scene_position=\u00bbcenter\u00bb top_padding=\u00bb100&#8243; constrain_group_1=\u00bbyes\u00bb bottom_padding=\u00bb100&#8243; constrain_group_2=\u00bbyes\u00bb top_padding_tablet=\u00bb50&#8243; constrain_group_3=\u00bbyes\u00bb bottom_padding_tablet=\u00bb50&#8243; text_color=\u00bbdark\u00bb text_align=\u00bbleft\u00bb row_border_radius=\u00bbnone\u00bb row_border_radius_applies=\u00bbbg\u00bb overflow=\u00bbvisible\u00bb id=\u00bbteam\u00bb advanced_gradient_angle=\u00bb0&#8243; overlay_strength=\u00bb0.3&#8243; gradient_direction=\u00bbleft_to_right\u00bb shape_divider_position=\u00bbbottom\u00bb bg_image_animation=\u00bbnone\u00bb gradient_type=\u00bbdefault\u00bb shape_type=\u00bb\u00bb][vc_column column_padding=\u00bbno-extra-padding\u00bb column_padding_tablet=\u00bbinherit\u00bb...","og_url":"https:\/\/criv.es\/es\/professionals\/","og_site_name":"Criv","article_modified_time":"2025-11-11T07:00:27+00:00","twitter_card":"summary_large_image","twitter_misc":{"Tiempo de lectura":"22 minutos"},"schema":{"@context":"https:\/\/schema.org","@graph":[{"@type":"WebPage","@id":"https:\/\/criv.es\/es\/professionals\/","url":"https:\/\/criv.es\/es\/professionals\/","name":"Profesionales - Criv","isPartOf":{"@id":"https:\/\/criv.es\/#website"},"datePublished":"2024-07-03T10:27:28+00:00","dateModified":"2025-11-11T07:00:27+00:00","breadcrumb":{"@id":"https:\/\/criv.es\/es\/professionals\/#breadcrumb"},"inLanguage":"es","potentialAction":[{"@type":"ReadAction","target":["https:\/\/criv.es\/es\/professionals\/"]}]},{"@type":"BreadcrumbList","@id":"https:\/\/criv.es\/es\/professionals\/#breadcrumb","itemListElement":[{"@type":"ListItem","position":1,"name":"Portada","item":"https:\/\/criv.es\/"},{"@type":"ListItem","position":2,"name":"Profesionales"}]},{"@type":"WebSite","@id":"https:\/\/criv.es\/#website","url":"https:\/\/criv.es\/","name":"Criv","description":"","potentialAction":[{"@type":"SearchAction","target":{"@type":"EntryPoint","urlTemplate":"https:\/\/criv.es\/?s={search_term_string}"},"query-input":{"@type":"PropertyValueSpecification","valueRequired":true,"valueName":"search_term_string"}}],"inLanguage":"es"}]}},"_links":{"self":[{"href":"https:\/\/criv.es\/es\/wp-json\/wp\/v2\/pages\/5550","targetHints":{"allow":["GET"]}}],"collection":[{"href":"https:\/\/criv.es\/es\/wp-json\/wp\/v2\/pages"}],"about":[{"href":"https:\/\/criv.es\/es\/wp-json\/wp\/v2\/types\/page"}],"author":[{"embeddable":true,"href":"https:\/\/criv.es\/es\/wp-json\/wp\/v2\/users\/1"}],"replies":[{"embeddable":true,"href":"https:\/\/criv.es\/es\/wp-json\/wp\/v2\/comments?post=5550"}],"version-history":[{"count":9,"href":"https:\/\/criv.es\/es\/wp-json\/wp\/v2\/pages\/5550\/revisions"}],"predecessor-version":[{"id":5741,"href":"https:\/\/criv.es\/es\/wp-json\/wp\/v2\/pages\/5550\/revisions\/5741"}],"wp:attachment":[{"href":"https:\/\/criv.es\/es\/wp-json\/wp\/v2\/media?parent=5550"}],"curies":[{"name":"wp","href":"https:\/\/api.w.org\/{rel}","templated":true}]}}